{"id":32169,"date":"2024-02-21T08:50:34","date_gmt":"2024-02-21T14:50:34","guid":{"rendered":"https:\/\/devcofi.wpenginepowered.com\/?post_type=project&#038;p=32169"},"modified":"2025-10-01T14:49:52","modified_gmt":"2025-10-01T19:49:52","slug":"were-glad-you-asked","status":"publish","type":"project","link":"https:\/\/cofionline.org\/es\/publications\/were-glad-you-asked\/","title":{"rendered":"We\u2019re Glad You Asked!"},"content":{"rendered":"[et_pb_section fb_built=&#8221;1&#8243; admin_label=&#8221;section&#8221; _builder_version=&#8221;4.16&#8243; global_colors_info=&#8221;{}&#8221;][et_pb_row admin_label=&#8221;row&#8221; _builder_version=&#8221;4.27.0&#8243; background_size=&#8221;initial&#8221; background_position=&#8221;top_left&#8221; background_repeat=&#8221;repeat&#8221; custom_margin=&#8221;-2px||||false|false&#8221; global_colors_info=&#8221;{}&#8221;][et_pb_column type=&#8221;4_4&#8243; _builder_version=&#8221;4.16&#8243; custom_padding=&#8221;|||&#8221; global_colors_info=&#8221;{}&#8221; custom_padding__hover=&#8221;|||&#8221;][et_pb_text admin_label=&#8221;Text&#8221; _builder_version=&#8221;4.27.0&#8243; background_size=&#8221;initial&#8221; background_position=&#8221;top_left&#8221; background_repeat=&#8221;repeat&#8221; min_height=&#8221;291.8px&#8221; custom_padding=&#8221;||0px|||&#8221; global_colors_info=&#8221;{}&#8221;]<p>There has been a surge of interest in parent leadership and organizing, not just at COFI but across the country. We\u2019ve heard from many people like you who work in government, organizations, schools, foundations, and advocacy groups and want to know how to work better with parents. We are asked: <strong>How do we get parents to our policymaking table? What does it take to engage them? Will parents support our issues? How can the participation be real?<\/strong><\/p>\n<p>You\u2019ve come to the right place. \u201cWe\u2019re Glad You Asked\u201d reflects COFI\u2019s nearly 30 years of parent-led organizing and gives insights, gathered from parent leaders themselves, into what they think it takes to center their voices in policymaking and advocacy\u00ad. You will hear how parent leaders can move things forward as partners in decision-making. You will learn what you need to consider from the start, with three key ideas to help you and your institution integrate parent leaders as a force for systems change.<\/p>\n<p><!-- \/wp:post-content --><\/p>[\/et_pb_text][et_pb_button button_url=&#8221;\/wp-content\/uploads\/2024\/03\/GladYouAsked-final-web.pdf&#8221; url_new_window=&#8221;on&#8221; button_text=&#8221;Download \u201cWe\u2019re Glad You Asked!&#8221; admin_label=&#8221;\/wp-content\/uploads\/2024\/03\/GladYouAsked-final-web.pdf&#8221; _builder_version=&#8221;4.27.0&#8243; _module_preset=&#8221;default&#8221; global_colors_info=&#8221;{}&#8221;][\/et_pb_button][et_pb_text admin_label=&#8221;Text&#8221; _builder_version=&#8221;4.27.0&#8243; background_size=&#8221;initial&#8221; background_position=&#8221;top_left&#8221; background_repeat=&#8221;repeat&#8221; custom_margin=&#8221;||-55px|||&#8221; custom_padding=&#8221;||0px|||&#8221; global_colors_info=&#8221;{}&#8221;]<p>Los padres son los m\u00e1s interesados en que sus hijos y familias reciban apoyo y prosperen en el mundo. Esperamos que se apoye en estas tres ideas clave que le ayudar\u00e1n a centrar las voces de los padres en la elaboraci\u00f3n de pol\u00edticas y la promoci\u00f3n.<\/p>\n<p>&nbsp;<\/p>\n<p><!-- \/wp:paragraph --><\/p>\n<p><!-- wp:paragraph --><!-- \/wp:paragraph --><\/p>\n<p><!-- wp:paragraph --><\/p>\n<p><!-- wp:paragraph --><!-- \/wp:paragraph --><!-- \/wp:paragraph --><\/p>[\/et_pb_text][et_pb_button button_url=&#8221;\/wp-content\/uploads\/2024\/03\/GladYouAsked-Spanish-web.pdf&#8221; url_new_window=&#8221;on&#8221; button_text=&#8221;\u00a1Descarga nuestras tres ideas clave en espa\u00f1ol!&#8221; _builder_version=&#8221;4.27.0&#8243; _module_preset=&#8221;default&#8221; global_colors_info=&#8221;{}&#8221;][\/et_pb_button][et_pb_divider show_divider=&#8221;off&#8221; _builder_version=&#8221;4.27.0&#8243; _module_preset=&#8221;default&#8221; global_colors_info=&#8221;{}&#8221;][\/et_pb_divider][et_pb_text _builder_version=&#8221;4.27.0&#8243; _module_preset=&#8221;default&#8221; text_text_color=&#8221;#313234&#8243; custom_margin=&#8221;20px||4px|||&#8221; locked=&#8221;off&#8221; global_colors_info=&#8221;{}&#8221;]<p>Share:<\/p>[\/et_pb_text][dsm_social_share_buttons dsm_view=&#8221;icon&#8221; dsm_column_gap=&#8221;1px&#8221; dsm_row_gap=&#8221;9px&#8221; dsm_button_size=&#8221;1px&#8221; dsm_icon_size=&#8221;21px&#8221; dsm_color_type=&#8221;custom&#8221; dsm_custom_bg_color=&#8221;RGBA(255,255,255,0)&#8221; dsm_custom_color=&#8221;#156489&#8243; _builder_version=&#8221;4.27.0&#8243; _module_preset=&#8221;default&#8221; module_alignment=&#8221;left&#8221; custom_margin=&#8221;|||-12px|false|false&#8221; custom_padding=&#8221;|||0px|false|false&#8221; global_colors_info=&#8221;{}&#8221;][dsm_social_share_buttons_child _builder_version=&#8221;4.27.0&#8243; _module_preset=&#8221;default&#8221; global_colors_info=&#8221;{}&#8221;][\/dsm_social_share_buttons_child][dsm_social_share_buttons_child dsm_network=&#8221;twitter&#8221; _builder_version=&#8221;4.27.0&#8243; _module_preset=&#8221;default&#8221; global_colors_info=&#8221;{}&#8221;][\/dsm_social_share_buttons_child][dsm_social_share_buttons_child dsm_network=&#8221;linkedin&#8221; _builder_version=&#8221;4.27.0&#8243; _module_preset=&#8221;default&#8221; global_colors_info=&#8221;{}&#8221;][\/dsm_social_share_buttons_child][\/dsm_social_share_buttons][\/et_pb_column][\/et_pb_row][\/et_pb_section]","protected":false},"excerpt":{"rendered":"<p>There has been a surge of interest in parent leadership and organizing, not just at COFI but across the country. We\u2019ve heard from many people like you who work in government, organizations, schools, foundations, and advocacy groups and want to know how to work better with parents. <\/p>","protected":false},"author":14,"featured_media":3392,"comment_status":"open","ping_status":"closed","template":"","meta":{"_acf_changed":false,"_et_pb_use_builder":"on","_et_pb_old_content":"<p>There has been a surge of interest in parent leadership and organizing, not just at COFI but across the country. We\u2019ve heard from many people like you who work in government, organizations, schools, foundations, and advocacy groups and want to know how to work better with parents. We are asked: <strong>How do we get parents to our policymaking table? What does it take to engage them? Will parents support our issues? How can the participation be real?<\/strong><\/p>\r\n<p>You\u2019ve come to the right place. \u201cWe\u2019re Glad You Asked\u201d reflects COFI\u2019s nearly 30 years of parent-led organizing and gives insights, gathered from parent leaders themselves, into what they think it takes to center their voices in policymaking and advocacy\u00ad. You will hear how parent leaders can move things forward as partners in decision-making. You will learn what you need to consider from the start, with three key ideas to help you and your institution integrate parent leaders as a force for systems change.<\/p>\r\n<p><a href=\"\/wp-content\/uploads\/2024\/03\/GladYouAsked-final-web.pdf\" target=\"_blank\" rel=\"noopener\"><strong>Download \u201cWe\u2019re Glad You Asked!\u201d<\/strong><\/a><\/p>\r\n<p>Los padres son los m\u00e1s interesados en que sus hijos y familias reciban apoyo y prosperen en el mundo. Esperamos que se apoye en estas tres ideas clave que le ayudar\u00e1n a centrar las voces de los padres en la elaboraci\u00f3n de pol\u00edticas y la promoci\u00f3n.<\/p>\r\n<p><a href=\"\/wp-content\/uploads\/2024\/03\/GladYouAsked-Spanish-web.pdf\" target=\"_blank\" rel=\"noopener\"><strong>\u00a1Descarga nuestras tres ideas clave en espa\u00f1ol!<\/strong><\/a><\/p>\r\n<!-- \/wp:paragraph -->\r\n\r\n<!-- wp:paragraph --><!-- \/wp:paragraph -->\r\n\r\n<!-- wp:paragraph -->\r\n\r\n<!-- wp:paragraph --><!-- \/wp:paragraph --><!-- \/wp:paragraph -->","_et_gb_content_width":"","footnotes":""},"project_category":[],"project_tag":[],"class_list":["post-32169","project","type-project","status-publish","has-post-thumbnail","hentry"],"acf":[],"yoast_head":"<!-- This site is optimized with the Yoast SEO plugin v27.5 - https:\/\/yoast.com\/product\/yoast-seo-wordpress\/ -->\n<title>We\u2019re Glad You Asked! | COFI<\/title>\n<meta name=\"description\" content=\"\u201cWe\u2019re Glad You Asked\u201d reflects COFI\u2019s 25+ years of parent-led organizing and gives insights into what it takes to center parent voices in policymaking.\" \/>\n<meta name=\"robots\" content=\"index, follow, max-snippet:-1, max-image-preview:large, max-video-preview:-1\" \/>\n<link rel=\"canonical\" href=\"https:\/\/cofionline.org\/es\/publications\/were-glad-you-asked\/\" \/>\n<meta property=\"og:locale\" content=\"es_MX\" \/>\n<meta property=\"og:type\" content=\"article\" \/>\n<meta property=\"og:title\" content=\"We&#039;re Glad You Asked!\" \/>\n<meta property=\"og:description\" content=\"\u201cWe\u2019re Glad You Asked\u201d reflects COFI\u2019s nearly 30 years of parent-led organizing and gives insights into what it takes to center parent voices in policymaking.\" \/>\n<meta property=\"og:url\" content=\"https:\/\/cofionline.org\/es\/publications\/were-glad-you-asked\/\" \/>\n<meta property=\"og:site_name\" content=\"COFI\" \/>\n<meta property=\"article:modified_time\" content=\"2025-10-01T19:49:52+00:00\" \/>\n<meta property=\"og:image\" content=\"https:\/\/cofionline.org\/wp-content\/uploads\/2024\/01\/Were-Glad-You-Asked-Cover-.png\" \/>\n\t<meta property=\"og:image:width\" content=\"619\" \/>\n\t<meta property=\"og:image:height\" content=\"802\" \/>\n\t<meta property=\"og:image:type\" content=\"image\/png\" \/>\n<meta name=\"twitter:card\" content=\"summary_large_image\" \/>\n<meta name=\"twitter:title\" content=\"We&#039;re Glad You Asked!\" \/>\n<meta name=\"twitter:description\" content=\"\u201cWe\u2019re Glad You Asked\u201d reflects COFI\u2019s nearly 30 years of parent-led organizing and gives insights into what it takes to center parent voices in policymaking.\" \/>\n<meta name=\"twitter:image\" content=\"https:\/\/cofionline.org\/wp-content\/uploads\/2024\/01\/Were-Glad-You-Asked-Cover-.png\" \/>\n<meta name=\"twitter:label1\" content=\"Tiempo de lectura\" \/>\n\t<meta name=\"twitter:data1\" content=\"2 minutos\" \/>\n<script type=\"application\/ld+json\" class=\"yoast-schema-graph\">{\"@context\":\"https:\\\/\\\/schema.org\",\"@graph\":[{\"@type\":\"WebPage\",\"@id\":\"https:\\\/\\\/cofionline.org\\\/publications\\\/were-glad-you-asked\\\/\",\"url\":\"https:\\\/\\\/cofionline.org\\\/publications\\\/were-glad-you-asked\\\/\",\"name\":\"We\u2019re Glad You Asked! | COFI\",\"isPartOf\":{\"@id\":\"https:\\\/\\\/cofionline.org\\\/#website\"},\"primaryImageOfPage\":{\"@id\":\"https:\\\/\\\/cofionline.org\\\/publications\\\/were-glad-you-asked\\\/#primaryimage\"},\"image\":{\"@id\":\"https:\\\/\\\/cofionline.org\\\/publications\\\/were-glad-you-asked\\\/#primaryimage\"},\"thumbnailUrl\":\"https:\\\/\\\/cofionline.org\\\/wp-content\\\/uploads\\\/2024\\\/01\\\/Were-Glad-You-Asked-Cover-.png\",\"datePublished\":\"2024-02-21T14:50:34+00:00\",\"dateModified\":\"2025-10-01T19:49:52+00:00\",\"description\":\"\u201cWe\u2019re Glad You Asked\u201d reflects COFI\u2019s 25+ years of parent-led organizing and gives insights into what it takes to center parent voices in policymaking.\",\"breadcrumb\":{\"@id\":\"https:\\\/\\\/cofionline.org\\\/publications\\\/were-glad-you-asked\\\/#breadcrumb\"},\"inLanguage\":\"es\",\"potentialAction\":[{\"@type\":\"ReadAction\",\"target\":[\"https:\\\/\\\/cofionline.org\\\/publications\\\/were-glad-you-asked\\\/\"]}]},{\"@type\":\"ImageObject\",\"inLanguage\":\"es\",\"@id\":\"https:\\\/\\\/cofionline.org\\\/publications\\\/were-glad-you-asked\\\/#primaryimage\",\"url\":\"https:\\\/\\\/cofionline.org\\\/wp-content\\\/uploads\\\/2024\\\/01\\\/Were-Glad-You-Asked-Cover-.png\",\"contentUrl\":\"https:\\\/\\\/cofionline.org\\\/wp-content\\\/uploads\\\/2024\\\/01\\\/Were-Glad-You-Asked-Cover-.png\",\"width\":619,\"height\":802,\"caption\":\"Cover of We're Glad You Asked! There are six women parent leaders and two kids sitting on a staircase\"},{\"@type\":\"BreadcrumbList\",\"@id\":\"https:\\\/\\\/cofionline.org\\\/publications\\\/were-glad-you-asked\\\/#breadcrumb\",\"itemListElement\":[{\"@type\":\"ListItem\",\"position\":1,\"name\":\"Home\",\"item\":\"https:\\\/\\\/cofionline.org\\\/\"},{\"@type\":\"ListItem\",\"position\":2,\"name\":\"Publications\",\"item\":\"https:\\\/\\\/cofionline.org\\\/publications\\\/\"},{\"@type\":\"ListItem\",\"position\":3,\"name\":\"We\u2019re Glad You Asked!\"}]},{\"@type\":\"WebSite\",\"@id\":\"https:\\\/\\\/cofionline.org\\\/#website\",\"url\":\"https:\\\/\\\/cofionline.org\\\/\",\"name\":\"COFI | Community Organizing and Family Issues\",\"description\":\"Community Organizing and Family Issues\",\"publisher\":{\"@id\":\"https:\\\/\\\/cofionline.org\\\/#organization\"},\"potentialAction\":[{\"@type\":\"SearchAction\",\"target\":{\"@type\":\"EntryPoint\",\"urlTemplate\":\"https:\\\/\\\/cofionline.org\\\/?s={search_term_string}\"},\"query-input\":{\"@type\":\"PropertyValueSpecification\",\"valueRequired\":true,\"valueName\":\"search_term_string\"}}],\"inLanguage\":\"es\"},{\"@type\":\"Organization\",\"@id\":\"https:\\\/\\\/cofionline.org\\\/#organization\",\"name\":\"COFI | Community Organizing and Family Issues\",\"url\":\"https:\\\/\\\/cofionline.org\\\/\",\"logo\":{\"@type\":\"ImageObject\",\"inLanguage\":\"es\",\"@id\":\"https:\\\/\\\/cofionline.org\\\/#\\\/schema\\\/logo\\\/image\\\/\",\"url\":\"https:\\\/\\\/cofionline.org\\\/wp-content\\\/uploads\\\/2022\\\/12\\\/logo-cofi.png\",\"contentUrl\":\"https:\\\/\\\/cofionline.org\\\/wp-content\\\/uploads\\\/2022\\\/12\\\/logo-cofi.png\",\"width\":518,\"height\":180,\"caption\":\"COFI | Community Organizing and Family Issues\"},\"image\":{\"@id\":\"https:\\\/\\\/cofionline.org\\\/#\\\/schema\\\/logo\\\/image\\\/\"}}]}<\/script>\n<!-- \/ Yoast SEO plugin. -->","yoast_head_json":{"title":"We\u2019re Glad You Asked! | COFI","description":"\u201cWe\u2019re Glad You Asked\u201d reflects COFI\u2019s 25+ years of parent-led organizing and gives insights into what it takes to center parent voices in policymaking.","robots":{"index":"index","follow":"follow","max-snippet":"max-snippet:-1","max-image-preview":"max-image-preview:large","max-video-preview":"max-video-preview:-1"},"canonical":"https:\/\/cofionline.org\/es\/publications\/were-glad-you-asked\/","og_locale":"es_MX","og_type":"article","og_title":"We're Glad You Asked!","og_description":"\u201cWe\u2019re Glad You Asked\u201d reflects COFI\u2019s nearly 30 years of parent-led organizing and gives insights into what it takes to center parent voices in policymaking.","og_url":"https:\/\/cofionline.org\/es\/publications\/were-glad-you-asked\/","og_site_name":"COFI","article_modified_time":"2025-10-01T19:49:52+00:00","og_image":[{"width":619,"height":802,"url":"https:\/\/cofionline.org\/wp-content\/uploads\/2024\/01\/Were-Glad-You-Asked-Cover-.png","type":"image\/png"}],"twitter_card":"summary_large_image","twitter_title":"We're Glad You Asked!","twitter_description":"\u201cWe\u2019re Glad You Asked\u201d reflects COFI\u2019s nearly 30 years of parent-led organizing and gives insights into what it takes to center parent voices in policymaking.","twitter_image":"https:\/\/cofionline.org\/wp-content\/uploads\/2024\/01\/Were-Glad-You-Asked-Cover-.png","twitter_misc":{"Tiempo de lectura":"2 minutos"},"schema":{"@context":"https:\/\/schema.org","@graph":[{"@type":"WebPage","@id":"https:\/\/cofionline.org\/publications\/were-glad-you-asked\/","url":"https:\/\/cofionline.org\/publications\/were-glad-you-asked\/","name":"We\u2019re Glad You Asked! | COFI","isPartOf":{"@id":"https:\/\/cofionline.org\/#website"},"primaryImageOfPage":{"@id":"https:\/\/cofionline.org\/publications\/were-glad-you-asked\/#primaryimage"},"image":{"@id":"https:\/\/cofionline.org\/publications\/were-glad-you-asked\/#primaryimage"},"thumbnailUrl":"https:\/\/cofionline.org\/wp-content\/uploads\/2024\/01\/Were-Glad-You-Asked-Cover-.png","datePublished":"2024-02-21T14:50:34+00:00","dateModified":"2025-10-01T19:49:52+00:00","description":"\u201cWe\u2019re Glad You Asked\u201d reflects COFI\u2019s 25+ years of parent-led organizing and gives insights into what it takes to center parent voices in policymaking.","breadcrumb":{"@id":"https:\/\/cofionline.org\/publications\/were-glad-you-asked\/#breadcrumb"},"inLanguage":"es","potentialAction":[{"@type":"ReadAction","target":["https:\/\/cofionline.org\/publications\/were-glad-you-asked\/"]}]},{"@type":"ImageObject","inLanguage":"es","@id":"https:\/\/cofionline.org\/publications\/were-glad-you-asked\/#primaryimage","url":"https:\/\/cofionline.org\/wp-content\/uploads\/2024\/01\/Were-Glad-You-Asked-Cover-.png","contentUrl":"https:\/\/cofionline.org\/wp-content\/uploads\/2024\/01\/Were-Glad-You-Asked-Cover-.png","width":619,"height":802,"caption":"Cover of We're Glad You Asked! There are six women parent leaders and two kids sitting on a staircase"},{"@type":"BreadcrumbList","@id":"https:\/\/cofionline.org\/publications\/were-glad-you-asked\/#breadcrumb","itemListElement":[{"@type":"ListItem","position":1,"name":"Home","item":"https:\/\/cofionline.org\/"},{"@type":"ListItem","position":2,"name":"Publications","item":"https:\/\/cofionline.org\/publications\/"},{"@type":"ListItem","position":3,"name":"We\u2019re Glad You Asked!"}]},{"@type":"WebSite","@id":"https:\/\/cofionline.org\/#website","url":"https:\/\/cofionline.org\/","name":"COFI | Organizaci\u00f3n comunitaria y asuntos familiares","description":"Organizaci\u00f3n comunitaria y asuntos familiares","publisher":{"@id":"https:\/\/cofionline.org\/#organization"},"potentialAction":[{"@type":"SearchAction","target":{"@type":"EntryPoint","urlTemplate":"https:\/\/cofionline.org\/?s={search_term_string}"},"query-input":{"@type":"PropertyValueSpecification","valueRequired":true,"valueName":"search_term_string"}}],"inLanguage":"es"},{"@type":"Organization","@id":"https:\/\/cofionline.org\/#organization","name":"COFI | Organizaci\u00f3n comunitaria y asuntos familiares","url":"https:\/\/cofionline.org\/","logo":{"@type":"ImageObject","inLanguage":"es","@id":"https:\/\/cofionline.org\/#\/schema\/logo\/image\/","url":"https:\/\/cofionline.org\/wp-content\/uploads\/2022\/12\/logo-cofi.png","contentUrl":"https:\/\/cofionline.org\/wp-content\/uploads\/2022\/12\/logo-cofi.png","width":518,"height":180,"caption":"COFI | Community Organizing and Family Issues"},"image":{"@id":"https:\/\/cofionline.org\/#\/schema\/logo\/image\/"}}]}},"_links":{"self":[{"href":"https:\/\/cofionline.org\/es\/wp-json\/wp\/v2\/project\/32169","targetHints":{"allow":["GET"]}}],"collection":[{"href":"https:\/\/cofionline.org\/es\/wp-json\/wp\/v2\/project"}],"about":[{"href":"https:\/\/cofionline.org\/es\/wp-json\/wp\/v2\/types\/project"}],"author":[{"embeddable":true,"href":"https:\/\/cofionline.org\/es\/wp-json\/wp\/v2\/users\/14"}],"replies":[{"embeddable":true,"href":"https:\/\/cofionline.org\/es\/wp-json\/wp\/v2\/comments?post=32169"}],"version-history":[{"count":0,"href":"https:\/\/cofionline.org\/es\/wp-json\/wp\/v2\/project\/32169\/revisions"}],"wp:featuredmedia":[{"embeddable":true,"href":"https:\/\/cofionline.org\/es\/wp-json\/wp\/v2\/media\/3392"}],"wp:attachment":[{"href":"https:\/\/cofionline.org\/es\/wp-json\/wp\/v2\/media?parent=32169"}],"wp:term":[{"taxonomy":"project_category","embeddable":true,"href":"https:\/\/cofionline.org\/es\/wp-json\/wp\/v2\/project_category?post=32169"},{"taxonomy":"project_tag","embeddable":true,"href":"https:\/\/cofionline.org\/es\/wp-json\/wp\/v2\/project_tag?post=32169"}],"curies":[{"name":"wp","href":"https:\/\/api.w.org\/{rel}","templated":true}]}}